{"id":1180,"date":"2025-02-10T15:36:54","date_gmt":"2025-02-10T15:36:54","guid":{"rendered":"https:\/\/www.visitbenavente.pt\/cultural-and-architectural-heritage\/"},"modified":"2026-04-13T08:57:18","modified_gmt":"2026-04-13T08:57:18","slug":"cultural-and-architectural-heritage","status":"publish","type":"page","link":"https:\/\/www.visitbenavente.pt\/en\/cultural-and-architectural-heritage\/","title":{"rendered":"Cultural and Architectural Patrimony"},"content":{"rendered":"\t\t<div data-elementor-type=\"wp-page\" data-elementor-id=\"1180\" class=\"elementor elementor-1180 elementor-280\" data-elementor-post-type=\"page\">\n\t\t\t\t<div class=\"elementor-element elementor-element-e9938e2 e-flex e-con-boxed e-con e-parent\" data-id=\"e9938e2\" data-element_type=\"container\" data-e-type=\"container\" data-settings=\"{&quot;background_background&quot;:&quot;slideshow&quot;,&quot;background_slideshow_gallery&quot;:[{&quot;id&quot;:840,&quot;url&quot;:&quot;https:\\\/\\\/www.visitbenavente.pt\\\/wp-content\\\/uploads\\\/2025\\\/02\\\/patrimonio-cultural-arquitetonico.jpg&quot;}],&quot;shape_divider_bottom&quot;:&quot;triangle-asymmetrical&quot;,&quot;background_slideshow_loop&quot;:&quot;yes&quot;,&quot;background_slideshow_slide_duration&quot;:5000,&quot;background_slideshow_slide_transition&quot;:&quot;fade&quot;,&quot;background_slideshow_transition_duration&quot;:500}\">\n\t\t\t\t\t<div class=\"e-con-inner\">\n\t\t\t\t<div class=\"elementor-shape elementor-shape-bottom\" aria-hidden=\"true\" data-negative=\"false\">\n\t\t\t<svg xmlns=\"http:\/\/www.w3.org\/2000\/svg\" viewBox=\"0 0 1000 100\" preserveAspectRatio=\"none\">\n\t<path class=\"elementor-shape-fill\" d=\"M738,99l262-93V0H0v5.6L738,99z\"\/>\n<\/svg>\t\t<\/div>\n\t\t<div class=\"elementor-element elementor-element-514fd24 e-con-full e-flex e-con e-child\" data-id=\"514fd24\" data-element_type=\"container\" data-e-type=\"container\">\n\t\t\t\t<div class=\"elementor-element elementor-element-cc83f10 elementor-widget elementor-widget-heading\" data-id=\"cc83f10\" data-element_type=\"widget\" data-e-type=\"widget\" data-widget_type=\"heading.default\">\n\t\t\t\t<div class=\"elementor-widget-container\">\n\t\t\t\t\t<h1 class=\"elementor-heading-title elementor-size-default\">Cultural and Architectural Patrimony<\/h1>\t\t\t\t<\/div>\n\t\t\t\t<\/div>\n\t\t\t\t<\/div>\n\t\t\t\t\t<\/div>\n\t\t\t\t<\/div>\n\t\t<div class=\"elementor-element elementor-element-94dc974 e-con-full e-flex e-con e-parent\" data-id=\"94dc974\" data-element_type=\"container\" data-e-type=\"container\">\n\t\t\t\t<div class=\"elementor-element elementor-element-a359bc7 elementor-skin-carousel elementor-widget elementor-widget-media-carousel\" data-id=\"a359bc7\" data-element_type=\"widget\" data-e-type=\"widget\" data-settings=\"{&quot;slides_per_view&quot;:&quot;4&quot;,&quot;autoplay_speed&quot;:2000,&quot;skin&quot;:&quot;carousel&quot;,&quot;effect&quot;:&quot;slide&quot;,&quot;speed&quot;:500,&quot;autoplay&quot;:&quot;yes&quot;,&quot;loop&quot;:&quot;yes&quot;,&quot;pause_on_hover&quot;:&quot;yes&quot;,&quot;pause_on_interaction&quot;:&quot;yes&quot;,&quot;space_between&quot;:{&quot;unit&quot;:&quot;px&quot;,&quot;size&quot;:10,&quot;sizes&quot;:[]},&quot;space_between_widescreen&quot;:{&quot;unit&quot;:&quot;px&quot;,&quot;size&quot;:10,&quot;sizes&quot;:[]},&quot;space_between_laptop&quot;:{&quot;unit&quot;:&quot;px&quot;,&quot;size&quot;:10,&quot;sizes&quot;:[]},&quot;space_between_tablet_extra&quot;:{&quot;unit&quot;:&quot;px&quot;,&quot;size&quot;:10,&quot;sizes&quot;:[]},&quot;space_between_tablet&quot;:{&quot;unit&quot;:&quot;px&quot;,&quot;size&quot;:10,&quot;sizes&quot;:[]},&quot;space_between_mobile_extra&quot;:{&quot;unit&quot;:&quot;px&quot;,&quot;size&quot;:10,&quot;sizes&quot;:[]},&quot;space_between_mobile&quot;:{&quot;unit&quot;:&quot;px&quot;,&quot;size&quot;:10,&quot;sizes&quot;:[]}}\" data-widget_type=\"media-carousel.default\">\n\t\t\t\t<div class=\"elementor-widget-container\">\n\t\t\t\t\t\t\t\t\t<div class=\"elementor-swiper\">\n\t\t\t\t\t<div class=\"elementor-main-swiper swiper\" role=\"region\" aria-roledescription=\"carousel\" aria-label=\"Slides\">\n\t\t\t\t<div class=\"swiper-wrapper\">\n\t\t\t\t\t\t\t\t\t\t\t<div class=\"swiper-slide\" role=\"group\" aria-roledescription=\"slide\">\n\t\t\t\t\t\t\t<a href=\"https:\/\/www.visitbenavente.pt\/wp-content\/uploads\/2025\/02\/patrimonio-cultural-arquitetonico-parque-campino.jpg\" data-elementor-open-lightbox=\"yes\" data-elementor-lightbox-slideshow=\"a359bc7\" data-elementor-lightbox-title=\"patrimonio cultural arquitetonico parque campino\" data-e-action-hash=\"#elementor-action%3Aaction%3Dlightbox%26settings%3DeyJpZCI6ODM5LCJ1cmwiOiJodHRwczpcL1wvd3d3LnZpc2l0YmVuYXZlbnRlLnB0XC93cC1jb250ZW50XC91cGxvYWRzXC8yMDI1XC8wMlwvcGF0cmltb25pby1jdWx0dXJhbC1hcnF1aXRldG9uaWNvLXBhcnF1ZS1jYW1waW5vLmpwZyIsInNsaWRlc2hvdyI6ImEzNTliYzcifQ%3D%3D\">\t\t<div class=\"elementor-carousel-image\" role=\"img\" aria-label=\"patrimonio cultural arquitetonico parque campino\" style=\"background-image: url(&#039;https:\/\/www.visitbenavente.pt\/wp-content\/uploads\/2025\/02\/patrimonio-cultural-arquitetonico-parque-campino-1024x767.jpg&#039;)\">\n\n\t\t\t\n\t\t\t\t\t<\/div>\n\t\t<\/a>\t\t\t\t\t\t<\/div>\n\t\t\t\t\t\t\t\t\t\t\t<div class=\"swiper-slide\" role=\"group\" aria-roledescription=\"slide\">\n\t\t\t\t\t\t\t<a href=\"https:\/\/www.visitbenavente.pt\/wp-content\/uploads\/2025\/02\/patrimonio-cultural-arquitetonico-cruzeiro-calvario.jpg\" data-elementor-open-lightbox=\"yes\" data-elementor-lightbox-slideshow=\"a359bc7\" data-elementor-lightbox-title=\"patrimonio cultural arquitetonico cruzeiro calv\u00e1rio\" data-e-action-hash=\"#elementor-action%3Aaction%3Dlightbox%26settings%3DeyJpZCI6ODI0LCJ1cmwiOiJodHRwczpcL1wvd3d3LnZpc2l0YmVuYXZlbnRlLnB0XC93cC1jb250ZW50XC91cGxvYWRzXC8yMDI1XC8wMlwvcGF0cmltb25pby1jdWx0dXJhbC1hcnF1aXRldG9uaWNvLWNydXplaXJvLWNhbHZhcmlvLmpwZyIsInNsaWRlc2hvdyI6ImEzNTliYzcifQ%3D%3D\">\t\t<div class=\"elementor-carousel-image\" role=\"img\" aria-label=\"patrimonio cultural arquitetonico cruzeiro calv\u00e1rio\" style=\"background-image: url(&#039;https:\/\/www.visitbenavente.pt\/wp-content\/uploads\/2025\/02\/patrimonio-cultural-arquitetonico-cruzeiro-calvario-1024x681.jpg&#039;)\">\n\n\t\t\t\n\t\t\t\t\t<\/div>\n\t\t<\/a>\t\t\t\t\t\t<\/div>\n\t\t\t\t\t\t\t\t\t\t\t<div class=\"swiper-slide\" role=\"group\" aria-roledescription=\"slide\">\n\t\t\t\t\t\t\t<a href=\"https:\/\/www.visitbenavente.pt\/wp-content\/uploads\/2025\/02\/patrimonio-cultural-arquitetonico-edificio-camara-municipal-pelourinho.jpg\" data-elementor-open-lightbox=\"yes\" data-elementor-lightbox-slideshow=\"a359bc7\" data-elementor-lightbox-title=\"patrimonio cultural arquitetonico edificio camara municipal pelourinho\" data-e-action-hash=\"#elementor-action%3Aaction%3Dlightbox%26settings%3DeyJpZCI6ODI1LCJ1cmwiOiJodHRwczpcL1wvd3d3LnZpc2l0YmVuYXZlbnRlLnB0XC93cC1jb250ZW50XC91cGxvYWRzXC8yMDI1XC8wMlwvcGF0cmltb25pby1jdWx0dXJhbC1hcnF1aXRldG9uaWNvLWVkaWZpY2lvLWNhbWFyYS1tdW5pY2lwYWwtcGVsb3VyaW5oby5qcGciLCJzbGlkZXNob3ciOiJhMzU5YmM3In0%3D\">\t\t<div class=\"elementor-carousel-image\" role=\"img\" aria-label=\"patrimonio cultural arquitetonico edificio camara municipal pelourinho\" style=\"background-image: url(&#039;https:\/\/www.visitbenavente.pt\/wp-content\/uploads\/2025\/02\/patrimonio-cultural-arquitetonico-edificio-camara-municipal-pelourinho-1024x680.jpg&#039;)\">\n\n\t\t\t\n\t\t\t\t\t<\/div>\n\t\t<\/a>\t\t\t\t\t\t<\/div>\n\t\t\t\t\t\t\t\t\t\t\t<div class=\"swiper-slide\" role=\"group\" aria-roledescription=\"slide\">\n\t\t\t\t\t\t\t<a href=\"https:\/\/www.visitbenavente.pt\/wp-content\/uploads\/2025\/02\/patrimonio-cultural-arquitetonico-edificio-camara-municipal-pelourinho-2.jpg\" data-elementor-open-lightbox=\"yes\" data-elementor-lightbox-slideshow=\"a359bc7\" data-elementor-lightbox-title=\"patrimonio cultural arquitetonico edificio camara municipal pelourinho 2\" data-e-action-hash=\"#elementor-action%3Aaction%3Dlightbox%26settings%3DeyJpZCI6ODI2LCJ1cmwiOiJodHRwczpcL1wvd3d3LnZpc2l0YmVuYXZlbnRlLnB0XC93cC1jb250ZW50XC91cGxvYWRzXC8yMDI1XC8wMlwvcGF0cmltb25pby1jdWx0dXJhbC1hcnF1aXRldG9uaWNvLWVkaWZpY2lvLWNhbWFyYS1tdW5pY2lwYWwtcGVsb3VyaW5oby0yLmpwZyIsInNsaWRlc2hvdyI6ImEzNTliYzcifQ%3D%3D\">\t\t<div class=\"elementor-carousel-image\" role=\"img\" aria-label=\"patrimonio cultural arquitetonico edificio camara municipal pelourinho 2\" style=\"background-image: url(&#039;https:\/\/www.visitbenavente.pt\/wp-content\/uploads\/2025\/02\/patrimonio-cultural-arquitetonico-edificio-camara-municipal-pelourinho-2-1024x683.jpg&#039;)\">\n\n\t\t\t\n\t\t\t\t\t<\/div>\n\t\t<\/a>\t\t\t\t\t\t<\/div>\n\t\t\t\t\t\t\t\t\t\t\t<div class=\"swiper-slide\" role=\"group\" aria-roledescription=\"slide\">\n\t\t\t\t\t\t\t<a href=\"https:\/\/www.visitbenavente.pt\/wp-content\/uploads\/2025\/02\/patrimonio-cultural-arquitetonico-museu-fachada.jpg\" data-elementor-open-lightbox=\"yes\" data-elementor-lightbox-slideshow=\"a359bc7\" data-elementor-lightbox-title=\"patrimonio cultural arquitetonico museu fachada\" data-e-action-hash=\"#elementor-action%3Aaction%3Dlightbox%26settings%3DeyJpZCI6ODI3LCJ1cmwiOiJodHRwczpcL1wvd3d3LnZpc2l0YmVuYXZlbnRlLnB0XC93cC1jb250ZW50XC91cGxvYWRzXC8yMDI1XC8wMlwvcGF0cmltb25pby1jdWx0dXJhbC1hcnF1aXRldG9uaWNvLW11c2V1LWZhY2hhZGEuanBnIiwic2xpZGVzaG93IjoiYTM1OWJjNyJ9\">\t\t<div class=\"elementor-carousel-image\" role=\"img\" aria-label=\"patrimonio cultural arquitetonico museu fachada\" style=\"background-image: url(&#039;https:\/\/www.visitbenavente.pt\/wp-content\/uploads\/2025\/02\/patrimonio-cultural-arquitetonico-museu-fachada-1024x576.jpg&#039;)\">\n\n\t\t\t\n\t\t\t\t\t<\/div>\n\t\t<\/a>\t\t\t\t\t\t<\/div>\n\t\t\t\t\t\t\t\t\t\t\t<div class=\"swiper-slide\" role=\"group\" aria-roledescription=\"slide\">\n\t\t\t\t\t\t\t<a href=\"https:\/\/www.visitbenavente.pt\/wp-content\/uploads\/2025\/02\/patrimonio-cultural-arquitetonico-museu-interior.jpg\" data-elementor-open-lightbox=\"yes\" data-elementor-lightbox-slideshow=\"a359bc7\" data-elementor-lightbox-title=\"patrimonio cultural arquitetonico museu interior\" data-e-action-hash=\"#elementor-action%3Aaction%3Dlightbox%26settings%3DeyJpZCI6ODI4LCJ1cmwiOiJodHRwczpcL1wvd3d3LnZpc2l0YmVuYXZlbnRlLnB0XC93cC1jb250ZW50XC91cGxvYWRzXC8yMDI1XC8wMlwvcGF0cmltb25pby1jdWx0dXJhbC1hcnF1aXRldG9uaWNvLW11c2V1LWludGVyaW9yLmpwZyIsInNsaWRlc2hvdyI6ImEzNTliYzcifQ%3D%3D\">\t\t<div class=\"elementor-carousel-image\" role=\"img\" aria-label=\"patrimonio cultural arquitetonico museu interior\" style=\"background-image: url(&#039;https:\/\/www.visitbenavente.pt\/wp-content\/uploads\/2025\/02\/patrimonio-cultural-arquitetonico-museu-interior-1024x576.jpg&#039;)\">\n\n\t\t\t\n\t\t\t\t\t<\/div>\n\t\t<\/a>\t\t\t\t\t\t<\/div>\n\t\t\t\t\t\t\t\t\t\t\t<div class=\"swiper-slide\" role=\"group\" aria-roledescription=\"slide\">\n\t\t\t\t\t\t\t<a href=\"https:\/\/www.visitbenavente.pt\/wp-content\/uploads\/2025\/02\/patrimonio-cultural-arquitetonico-nucleo-museologivo-agricola-exterior.jpg\" data-elementor-open-lightbox=\"yes\" data-elementor-lightbox-slideshow=\"a359bc7\" data-elementor-lightbox-title=\"patrimonio cultural arquitetonico n\u00facleo museol\u00f3givo agricola exterior\" data-e-action-hash=\"#elementor-action%3Aaction%3Dlightbox%26settings%3DeyJpZCI6ODI5LCJ1cmwiOiJodHRwczpcL1wvd3d3LnZpc2l0YmVuYXZlbnRlLnB0XC93cC1jb250ZW50XC91cGxvYWRzXC8yMDI1XC8wMlwvcGF0cmltb25pby1jdWx0dXJhbC1hcnF1aXRldG9uaWNvLW51Y2xlby1tdXNlb2xvZ2l2by1hZ3JpY29sYS1leHRlcmlvci5qcGciLCJzbGlkZXNob3ciOiJhMzU5YmM3In0%3D\">\t\t<div class=\"elementor-carousel-image\" role=\"img\" aria-label=\"patrimonio cultural arquitetonico n\u00facleo museol\u00f3givo agricola exterior\" style=\"background-image: url(&#039;https:\/\/www.visitbenavente.pt\/wp-content\/uploads\/2025\/02\/patrimonio-cultural-arquitetonico-nucleo-museologivo-agricola-exterior-1024x683.jpg&#039;)\">\n\n\t\t\t\n\t\t\t\t\t<\/div>\n\t\t<\/a>\t\t\t\t\t\t<\/div>\n\t\t\t\t\t\t\t\t\t\t\t<div class=\"swiper-slide\" role=\"group\" aria-roledescription=\"slide\">\n\t\t\t\t\t\t\t<a href=\"https:\/\/www.visitbenavente.pt\/wp-content\/uploads\/2025\/02\/patrimonio-cultural-arquitetonico-nucleo-museologivo-agricola-interior.jpg\" data-elementor-open-lightbox=\"yes\" data-elementor-lightbox-slideshow=\"a359bc7\" data-elementor-lightbox-title=\"patrimonio cultural arquitetonico n\u00facleo museol\u00f3givo agricola interior\" data-e-action-hash=\"#elementor-action%3Aaction%3Dlightbox%26settings%3DeyJpZCI6ODMwLCJ1cmwiOiJodHRwczpcL1wvd3d3LnZpc2l0YmVuYXZlbnRlLnB0XC93cC1jb250ZW50XC91cGxvYWRzXC8yMDI1XC8wMlwvcGF0cmltb25pby1jdWx0dXJhbC1hcnF1aXRldG9uaWNvLW51Y2xlby1tdXNlb2xvZ2l2by1hZ3JpY29sYS1pbnRlcmlvci5qcGciLCJzbGlkZXNob3ciOiJhMzU5YmM3In0%3D\">\t\t<div class=\"elementor-carousel-image\" role=\"img\" aria-label=\"patrimonio cultural arquitetonico n\u00facleo museol\u00f3givo agricola interior\" style=\"background-image: url(&#039;https:\/\/www.visitbenavente.pt\/wp-content\/uploads\/2025\/02\/patrimonio-cultural-arquitetonico-nucleo-museologivo-agricola-interior-1024x683.jpg&#039;)\">\n\n\t\t\t\n\t\t\t\t\t<\/div>\n\t\t<\/a>\t\t\t\t\t\t<\/div>\n\t\t\t\t\t\t\t\t\t\t\t<div class=\"swiper-slide\" role=\"group\" aria-roledescription=\"slide\">\n\t\t\t\t\t\t\t<a href=\"https:\/\/www.visitbenavente.pt\/wp-content\/uploads\/2025\/02\/patrimonio-cultural-arquitetonico-palacio-infantado-exterior.jpg\" data-elementor-open-lightbox=\"yes\" data-elementor-lightbox-slideshow=\"a359bc7\" data-elementor-lightbox-title=\"patrimonio cultural arquitetonico pal\u00e1cio infantado exterior\" data-e-action-hash=\"#elementor-action%3Aaction%3Dlightbox%26settings%3DeyJpZCI6ODMxLCJ1cmwiOiJodHRwczpcL1wvd3d3LnZpc2l0YmVuYXZlbnRlLnB0XC93cC1jb250ZW50XC91cGxvYWRzXC8yMDI1XC8wMlwvcGF0cmltb25pby1jdWx0dXJhbC1hcnF1aXRldG9uaWNvLXBhbGFjaW8taW5mYW50YWRvLWV4dGVyaW9yLmpwZyIsInNsaWRlc2hvdyI6ImEzNTliYzcifQ%3D%3D\">\t\t<div class=\"elementor-carousel-image\" role=\"img\" aria-label=\"patrimonio cultural arquitetonico pal\u00e1cio infantado exterior\" style=\"background-image: url(&#039;https:\/\/www.visitbenavente.pt\/wp-content\/uploads\/2025\/02\/patrimonio-cultural-arquitetonico-palacio-infantado-exterior-1024x683.jpg&#039;)\">\n\n\t\t\t\n\t\t\t\t\t<\/div>\n\t\t<\/a>\t\t\t\t\t\t<\/div>\n\t\t\t\t\t\t\t\t\t\t\t<div class=\"swiper-slide\" role=\"group\" aria-roledescription=\"slide\">\n\t\t\t\t\t\t\t<a href=\"https:\/\/www.visitbenavente.pt\/wp-content\/uploads\/2025\/02\/patrimonio-cultural-arquitetonico-palacio-infantado-biblioteca.jpg\" data-elementor-open-lightbox=\"yes\" data-elementor-lightbox-slideshow=\"a359bc7\" data-elementor-lightbox-title=\"patrimonio cultural arquitetonico pal\u00e1cio infantado biblioteca\" data-e-action-hash=\"#elementor-action%3Aaction%3Dlightbox%26settings%3DeyJpZCI6ODMyLCJ1cmwiOiJodHRwczpcL1wvd3d3LnZpc2l0YmVuYXZlbnRlLnB0XC93cC1jb250ZW50XC91cGxvYWRzXC8yMDI1XC8wMlwvcGF0cmltb25pby1jdWx0dXJhbC1hcnF1aXRldG9uaWNvLXBhbGFjaW8taW5mYW50YWRvLWJpYmxpb3RlY2EuanBnIiwic2xpZGVzaG93IjoiYTM1OWJjNyJ9\">\t\t<div class=\"elementor-carousel-image\" role=\"img\" aria-label=\"patrimonio cultural arquitetonico pal\u00e1cio infantado biblioteca\" style=\"background-image: url(&#039;https:\/\/www.visitbenavente.pt\/wp-content\/uploads\/2025\/02\/patrimonio-cultural-arquitetonico-palacio-infantado-biblioteca-1024x683.jpg&#039;)\">\n\n\t\t\t\n\t\t\t\t\t<\/div>\n\t\t<\/a>\t\t\t\t\t\t<\/div>\n\t\t\t\t\t\t\t\t\t\t\t<div class=\"swiper-slide\" role=\"group\" aria-roledescription=\"slide\">\n\t\t\t\t\t\t\t<a href=\"https:\/\/www.visitbenavente.pt\/wp-content\/uploads\/2025\/02\/patrimonio-cultural-arquitetonico-palacio-infantado-exposicao.jpg\" data-elementor-open-lightbox=\"yes\" data-elementor-lightbox-slideshow=\"a359bc7\" data-elementor-lightbox-title=\"patrimonio cultural arquitetonico pal\u00e1cio infantado exposi\u00e7\u00e3o\" data-e-action-hash=\"#elementor-action%3Aaction%3Dlightbox%26settings%3DeyJpZCI6ODMzLCJ1cmwiOiJodHRwczpcL1wvd3d3LnZpc2l0YmVuYXZlbnRlLnB0XC93cC1jb250ZW50XC91cGxvYWRzXC8yMDI1XC8wMlwvcGF0cmltb25pby1jdWx0dXJhbC1hcnF1aXRldG9uaWNvLXBhbGFjaW8taW5mYW50YWRvLWV4cG9zaWNhby5qcGciLCJzbGlkZXNob3ciOiJhMzU5YmM3In0%3D\">\t\t<div class=\"elementor-carousel-image\" role=\"img\" aria-label=\"patrimonio cultural arquitetonico pal\u00e1cio infantado exposi\u00e7\u00e3o\" style=\"background-image: url(&#039;https:\/\/www.visitbenavente.pt\/wp-content\/uploads\/2025\/02\/patrimonio-cultural-arquitetonico-palacio-infantado-exposicao-1024x682.jpg&#039;)\">\n\n\t\t\t\n\t\t\t\t\t<\/div>\n\t\t<\/a>\t\t\t\t\t\t<\/div>\n\t\t\t\t\t\t\t\t\t\t\t<div class=\"swiper-slide\" role=\"group\" aria-roledescription=\"slide\">\n\t\t\t\t\t\t\t<a href=\"https:\/\/www.visitbenavente.pt\/wp-content\/uploads\/2025\/02\/patrimonio-cultural-arquitetonico-fonte-Santo-Antonio-direita.jpg\" data-elementor-open-lightbox=\"yes\" data-elementor-lightbox-slideshow=\"a359bc7\" data-elementor-lightbox-title=\"patrimonio cultural arquitetonico fonte Santo Ant\u00f3nio direita\" data-e-action-hash=\"#elementor-action%3Aaction%3Dlightbox%26settings%3DeyJpZCI6ODM0LCJ1cmwiOiJodHRwczpcL1wvd3d3LnZpc2l0YmVuYXZlbnRlLnB0XC93cC1jb250ZW50XC91cGxvYWRzXC8yMDI1XC8wMlwvcGF0cmltb25pby1jdWx0dXJhbC1hcnF1aXRldG9uaWNvLWZvbnRlLVNhbnRvLUFudG9uaW8tZGlyZWl0YS5qcGciLCJzbGlkZXNob3ciOiJhMzU5YmM3In0%3D\">\t\t<div class=\"elementor-carousel-image\" role=\"img\" aria-label=\"patrimonio cultural arquitetonico fonte Santo Ant\u00f3nio direita\" style=\"background-image: url(&#039;https:\/\/www.visitbenavente.pt\/wp-content\/uploads\/2025\/02\/patrimonio-cultural-arquitetonico-fonte-Santo-Antonio-direita-1024x658.jpg&#039;)\">\n\n\t\t\t\n\t\t\t\t\t<\/div>\n\t\t<\/a>\t\t\t\t\t\t<\/div>\n\t\t\t\t\t\t\t\t\t\t\t<div class=\"swiper-slide\" role=\"group\" aria-roledescription=\"slide\">\n\t\t\t\t\t\t\t<a href=\"https:\/\/www.visitbenavente.pt\/wp-content\/uploads\/2025\/02\/patrimonio-cultural-arquitetonico-fonte-Santo-Antonio-antiga.jpg\" data-elementor-open-lightbox=\"yes\" data-elementor-lightbox-slideshow=\"a359bc7\" data-elementor-lightbox-title=\"patrimonio cultural arquitetonico fonte Santo Ant\u00f3nio antiga\" data-e-action-hash=\"#elementor-action%3Aaction%3Dlightbox%26settings%3DeyJpZCI6ODM1LCJ1cmwiOiJodHRwczpcL1wvd3d3LnZpc2l0YmVuYXZlbnRlLnB0XC93cC1jb250ZW50XC91cGxvYWRzXC8yMDI1XC8wMlwvcGF0cmltb25pby1jdWx0dXJhbC1hcnF1aXRldG9uaWNvLWZvbnRlLVNhbnRvLUFudG9uaW8tYW50aWdhLmpwZyIsInNsaWRlc2hvdyI6ImEzNTliYzcifQ%3D%3D\">\t\t<div class=\"elementor-carousel-image\" role=\"img\" aria-label=\"patrimonio cultural arquitetonico fonte Santo Ant\u00f3nio antiga\" style=\"background-image: url(&#039;https:\/\/www.visitbenavente.pt\/wp-content\/uploads\/2025\/02\/patrimonio-cultural-arquitetonico-fonte-Santo-Antonio-antiga-1024x628.jpg&#039;)\">\n\n\t\t\t\n\t\t\t\t\t<\/div>\n\t\t<\/a>\t\t\t\t\t\t<\/div>\n\t\t\t\t\t\t\t\t\t\t\t<div class=\"swiper-slide\" role=\"group\" aria-roledescription=\"slide\">\n\t\t\t\t\t\t\t<a href=\"https:\/\/www.visitbenavente.pt\/wp-content\/uploads\/2025\/02\/patrimonio-cultural-arquitetonico-fonte-Santo-Antonio-esquerda.jpg\" data-elementor-open-lightbox=\"yes\" data-elementor-lightbox-slideshow=\"a359bc7\" data-elementor-lightbox-title=\"patrimonio cultural arquitetonico fonte Santo Ant\u00f3nio esquerda\" data-e-action-hash=\"#elementor-action%3Aaction%3Dlightbox%26settings%3DeyJpZCI6ODM2LCJ1cmwiOiJodHRwczpcL1wvd3d3LnZpc2l0YmVuYXZlbnRlLnB0XC93cC1jb250ZW50XC91cGxvYWRzXC8yMDI1XC8wMlwvcGF0cmltb25pby1jdWx0dXJhbC1hcnF1aXRldG9uaWNvLWZvbnRlLVNhbnRvLUFudG9uaW8tZXNxdWVyZGEuanBnIiwic2xpZGVzaG93IjoiYTM1OWJjNyJ9\">\t\t<div class=\"elementor-carousel-image\" role=\"img\" aria-label=\"patrimonio cultural arquitetonico fonte Santo Ant\u00f3nio esquerda\" style=\"background-image: url(&#039;https:\/\/www.visitbenavente.pt\/wp-content\/uploads\/2025\/02\/patrimonio-cultural-arquitetonico-fonte-Santo-Antonio-esquerda-1024x685.jpg&#039;)\">\n\n\t\t\t\n\t\t\t\t\t<\/div>\n\t\t<\/a>\t\t\t\t\t\t<\/div>\n\t\t\t\t\t\t\t\t\t\t\t<div class=\"swiper-slide\" role=\"group\" aria-roledescription=\"slide\">\n\t\t\t\t\t\t\t<a href=\"https:\/\/www.visitbenavente.pt\/wp-content\/uploads\/2025\/02\/patrimonio-cultural-arquitetonico-fonte-concelho.jpg\" data-elementor-open-lightbox=\"yes\" data-elementor-lightbox-slideshow=\"a359bc7\" data-elementor-lightbox-title=\"patrimonio cultural arquitetonico fonte concelho\" data-e-action-hash=\"#elementor-action%3Aaction%3Dlightbox%26settings%3DeyJpZCI6ODM3LCJ1cmwiOiJodHRwczpcL1wvd3d3LnZpc2l0YmVuYXZlbnRlLnB0XC93cC1jb250ZW50XC91cGxvYWRzXC8yMDI1XC8wMlwvcGF0cmltb25pby1jdWx0dXJhbC1hcnF1aXRldG9uaWNvLWZvbnRlLWNvbmNlbGhvLmpwZyIsInNsaWRlc2hvdyI6ImEzNTliYzcifQ%3D%3D\">\t\t<div class=\"elementor-carousel-image\" role=\"img\" aria-label=\"patrimonio cultural arquitetonico fonte concelho\" style=\"background-image: url(&#039;https:\/\/www.visitbenavente.pt\/wp-content\/uploads\/2025\/02\/patrimonio-cultural-arquitetonico-fonte-concelho-1024x683.jpg&#039;)\">\n\n\t\t\t\n\t\t\t\t\t<\/div>\n\t\t<\/a>\t\t\t\t\t\t<\/div>\n\t\t\t\t\t\t\t\t\t\t\t<div class=\"swiper-slide\" role=\"group\" aria-roledescription=\"slide\">\n\t\t\t\t\t\t\t<a href=\"https:\/\/www.visitbenavente.pt\/wp-content\/uploads\/2025\/02\/patrimonio-cultural-arquitetonico-fonte-escudeiros.jpg\" data-elementor-open-lightbox=\"yes\" data-elementor-lightbox-slideshow=\"a359bc7\" data-elementor-lightbox-title=\"patrimonio cultural arquitetonico fonte escudeiros\" data-e-action-hash=\"#elementor-action%3Aaction%3Dlightbox%26settings%3DeyJpZCI6ODM4LCJ1cmwiOiJodHRwczpcL1wvd3d3LnZpc2l0YmVuYXZlbnRlLnB0XC93cC1jb250ZW50XC91cGxvYWRzXC8yMDI1XC8wMlwvcGF0cmltb25pby1jdWx0dXJhbC1hcnF1aXRldG9uaWNvLWZvbnRlLWVzY3VkZWlyb3MuanBnIiwic2xpZGVzaG93IjoiYTM1OWJjNyJ9\">\t\t<div class=\"elementor-carousel-image\" role=\"img\" aria-label=\"patrimonio cultural arquitetonico fonte escudeiros\" style=\"background-image: url(&#039;https:\/\/www.visitbenavente.pt\/wp-content\/uploads\/2025\/02\/patrimonio-cultural-arquitetonico-fonte-escudeiros-1024x683.jpg&#039;)\">\n\n\t\t\t\n\t\t\t\t\t<\/div>\n\t\t<\/a>\t\t\t\t\t\t<\/div>\n\t\t\t\t\t\t\t\t\t<\/div>\n\t\t\t\t\t\t\t\t\t\t\t\t\t\t\t\t\t\t\t\t\t<\/div>\n\t\t\t\t<\/div>\n\t\t\t\t\t\t\t\t<\/div>\n\t\t\t\t<\/div>\n\t\t\t\t<\/div>\n\t\t<div class=\"elementor-element elementor-element-1cafd84 e-flex e-con-boxed e-con e-parent\" data-id=\"1cafd84\" data-element_type=\"container\" data-e-type=\"container\" id=\"cruzeiro-calvario\" data-settings=\"{&quot;background_background&quot;:&quot;slideshow&quot;,&quot;background_slideshow_gallery&quot;:[{&quot;id&quot;:824,&quot;url&quot;:&quot;https:\\\/\\\/www.visitbenavente.pt\\\/wp-content\\\/uploads\\\/2025\\\/02\\\/patrimonio-cultural-arquitetonico-cruzeiro-calvario.jpg&quot;}],&quot;shape_divider_bottom&quot;:&quot;opacity-tilt&quot;,&quot;background_slideshow_loop&quot;:&quot;yes&quot;,&quot;background_slideshow_slide_duration&quot;:5000,&quot;background_slideshow_slide_transition&quot;:&quot;fade&quot;,&quot;background_slideshow_transition_duration&quot;:500}\">\n\t\t\t\t\t<div class=\"e-con-inner\">\n\t\t\t\t<div class=\"elementor-shape elementor-shape-bottom\" aria-hidden=\"true\" data-negative=\"false\">\n\t\t\t<svg xmlns=\"http:\/\/www.w3.org\/2000\/svg\" viewBox=\"0 0 2600 131.1\" preserveAspectRatio=\"none\">\n\t<path class=\"elementor-shape-fill\" d=\"M0 0L2600 0 2600 69.1 0 0z\"\/>\n\t<path class=\"elementor-shape-fill\" style=\"opacity:0.5\" d=\"M0 0L2600 0 2600 69.1 0 69.1z\"\/>\n\t<path class=\"elementor-shape-fill\" style=\"opacity:0.25\" d=\"M2600 0L0 0 0 130.1 2600 69.1z\"\/>\n<\/svg>\t\t<\/div>\n\t\t<div class=\"elementor-element elementor-element-594cf1c e-con-full e-flex e-con e-child\" data-id=\"594cf1c\" data-element_type=\"container\" data-e-type=\"container\">\n\t\t\t\t<div class=\"elementor-element elementor-element-687f285 elementor-widget elementor-widget-heading\" data-id=\"687f285\" data-element_type=\"widget\" data-e-type=\"widget\" data-widget_type=\"heading.default\">\n\t\t\t\t<div class=\"elementor-widget-container\">\n\t\t\t\t\t<h1 class=\"elementor-heading-title elementor-size-default\">Calvary Cross<\/h1>\t\t\t\t<\/div>\n\t\t\t\t<\/div>\n\t\t\t\t<\/div>\n\t\t\t\t\t<\/div>\n\t\t\t\t<\/div>\n\t\t<div class=\"elementor-element elementor-element-ac718d9 e-flex e-con-boxed e-con e-parent\" data-id=\"ac718d9\" data-element_type=\"container\" data-e-type=\"container\">\n\t\t\t\t\t<div class=\"e-con-inner\">\n\t\t<div class=\"elementor-element elementor-element-6d79fa8 e-con-full e-flex e-con e-child\" data-id=\"6d79fa8\" data-element_type=\"container\" data-e-type=\"container\">\n\t\t\t\t<div class=\"elementor-element elementor-element-15ab26e elementor-widget elementor-widget-text-editor\" data-id=\"15ab26e\" data-element_type=\"widget\" data-e-type=\"widget\" data-widget_type=\"text-editor.default\">\n\t\t\t\t<div class=\"elementor-widget-container\">\n\t\t\t\t\t\t\t\t\t<p>It was built by the Irm\u00e3os dos Santos Passos in 1644, in lioz limestone, in what was then known as Rocio do Moinho de Vento.<br>The churchyard, overlooking the river Sorraia, frames the cross and is a privileged viewpoint over the Benavente riverside area and the vast Ribatejo marshland.  <\/p>\t\t\t\t\t\t\t\t<\/div>\n\t\t\t\t<\/div>\n\t\t\t\t<\/div>\n\t\t\t\t\t<\/div>\n\t\t\t\t<\/div>\n\t\t<div class=\"elementor-element elementor-element-c28805a e-flex e-con-boxed e-con e-parent\" data-id=\"c28805a\" data-element_type=\"container\" data-e-type=\"container\" id=\"edificio-camara-municipal\" data-settings=\"{&quot;background_background&quot;:&quot;slideshow&quot;,&quot;background_slideshow_gallery&quot;:[{&quot;id&quot;:826,&quot;url&quot;:&quot;https:\\\/\\\/www.visitbenavente.pt\\\/wp-content\\\/uploads\\\/2025\\\/02\\\/patrimonio-cultural-arquitetonico-edificio-camara-municipal-pelourinho-2.jpg&quot;}],&quot;shape_divider_bottom&quot;:&quot;opacity-tilt&quot;,&quot;background_slideshow_loop&quot;:&quot;yes&quot;,&quot;background_slideshow_slide_duration&quot;:5000,&quot;background_slideshow_slide_transition&quot;:&quot;fade&quot;,&quot;background_slideshow_transition_duration&quot;:500}\">\n\t\t\t\t\t<div class=\"e-con-inner\">\n\t\t\t\t<div class=\"elementor-shape elementor-shape-bottom\" aria-hidden=\"true\" data-negative=\"false\">\n\t\t\t<svg xmlns=\"http:\/\/www.w3.org\/2000\/svg\" viewBox=\"0 0 2600 131.1\" preserveAspectRatio=\"none\">\n\t<path class=\"elementor-shape-fill\" d=\"M0 0L2600 0 2600 69.1 0 0z\"\/>\n\t<path class=\"elementor-shape-fill\" style=\"opacity:0.5\" d=\"M0 0L2600 0 2600 69.1 0 69.1z\"\/>\n\t<path class=\"elementor-shape-fill\" style=\"opacity:0.25\" d=\"M2600 0L0 0 0 130.1 2600 69.1z\"\/>\n<\/svg>\t\t<\/div>\n\t\t<div class=\"elementor-element elementor-element-5e8fa80 e-con-full e-flex e-con e-child\" data-id=\"5e8fa80\" data-element_type=\"container\" data-e-type=\"container\">\n\t\t\t\t<div class=\"elementor-element elementor-element-de47888 elementor-widget elementor-widget-heading\" data-id=\"de47888\" data-element_type=\"widget\" data-e-type=\"widget\" data-widget_type=\"heading.default\">\n\t\t\t\t<div class=\"elementor-widget-container\">\n\t\t\t\t\t<h1 class=\"elementor-heading-title elementor-size-default\">City Hall Building<\/h1>\t\t\t\t<\/div>\n\t\t\t\t<\/div>\n\t\t\t\t<\/div>\n\t\t\t\t\t<\/div>\n\t\t\t\t<\/div>\n\t\t<div class=\"elementor-element elementor-element-ed329d4 e-flex e-con-boxed e-con e-parent\" data-id=\"ed329d4\" data-element_type=\"container\" data-e-type=\"container\">\n\t\t\t\t\t<div class=\"e-con-inner\">\n\t\t<div class=\"elementor-element elementor-element-3a28148 e-con-full e-flex e-con e-child\" data-id=\"3a28148\" data-element_type=\"container\" data-e-type=\"container\">\n\t\t\t\t<div class=\"elementor-element elementor-element-0aec77b elementor-widget elementor-widget-text-editor\" data-id=\"0aec77b\" data-element_type=\"widget\" data-e-type=\"widget\" data-widget_type=\"text-editor.default\">\n\t\t\t\t<div class=\"elementor-widget-container\">\n\t\t\t\t\t\t\t\t\t<p>Built from scratch in 1875, this building also housed the court, the jail and other public offices.  <br>After the 1909 earthquake, a metal tower with a clock was added to the building, which is still a landmark for the town of Benavente today.  <\/p>\t\t\t\t\t\t\t\t<\/div>\n\t\t\t\t<\/div>\n\t\t\t\t<\/div>\n\t\t\t\t\t<\/div>\n\t\t\t\t<\/div>\n\t\t<div class=\"elementor-element elementor-element-8383001 e-flex e-con-boxed e-con e-parent\" data-id=\"8383001\" data-element_type=\"container\" data-e-type=\"container\" id=\"pelourinho\" data-settings=\"{&quot;background_background&quot;:&quot;slideshow&quot;,&quot;background_slideshow_gallery&quot;:[{&quot;id&quot;:825,&quot;url&quot;:&quot;https:\\\/\\\/www.visitbenavente.pt\\\/wp-content\\\/uploads\\\/2025\\\/02\\\/patrimonio-cultural-arquitetonico-edificio-camara-municipal-pelourinho.jpg&quot;}],&quot;shape_divider_bottom&quot;:&quot;opacity-tilt&quot;,&quot;background_slideshow_loop&quot;:&quot;yes&quot;,&quot;background_slideshow_slide_duration&quot;:5000,&quot;background_slideshow_slide_transition&quot;:&quot;fade&quot;,&quot;background_slideshow_transition_duration&quot;:500}\">\n\t\t\t\t\t<div class=\"e-con-inner\">\n\t\t\t\t<div class=\"elementor-shape elementor-shape-bottom\" aria-hidden=\"true\" data-negative=\"false\">\n\t\t\t<svg xmlns=\"http:\/\/www.w3.org\/2000\/svg\" viewBox=\"0 0 2600 131.1\" preserveAspectRatio=\"none\">\n\t<path class=\"elementor-shape-fill\" d=\"M0 0L2600 0 2600 69.1 0 0z\"\/>\n\t<path class=\"elementor-shape-fill\" style=\"opacity:0.5\" d=\"M0 0L2600 0 2600 69.1 0 69.1z\"\/>\n\t<path class=\"elementor-shape-fill\" style=\"opacity:0.25\" d=\"M2600 0L0 0 0 130.1 2600 69.1z\"\/>\n<\/svg>\t\t<\/div>\n\t\t<div class=\"elementor-element elementor-element-dc8a293 e-con-full e-flex e-con e-child\" data-id=\"dc8a293\" data-element_type=\"container\" data-e-type=\"container\">\n\t\t\t\t<div class=\"elementor-element elementor-element-238ef2f elementor-widget elementor-widget-heading\" data-id=\"238ef2f\" data-element_type=\"widget\" data-e-type=\"widget\" data-widget_type=\"heading.default\">\n\t\t\t\t<div class=\"elementor-widget-container\">\n\t\t\t\t\t<h2 class=\"elementor-heading-title elementor-size-default\">Pillory<\/h2>\t\t\t\t<\/div>\n\t\t\t\t<\/div>\n\t\t\t\t<\/div>\n\t\t\t\t\t<\/div>\n\t\t\t\t<\/div>\n\t\t<div class=\"elementor-element elementor-element-f8dc603 e-flex e-con-boxed e-con e-parent\" data-id=\"f8dc603\" data-element_type=\"container\" data-e-type=\"container\">\n\t\t\t\t\t<div class=\"e-con-inner\">\n\t\t<div class=\"elementor-element elementor-element-22eadc7 e-flex e-con-boxed e-con e-child\" data-id=\"22eadc7\" data-element_type=\"container\" data-e-type=\"container\">\n\t\t\t\t\t<div class=\"e-con-inner\">\n\t\t\t\t<div class=\"elementor-element elementor-element-37403bd elementor-widget elementor-widget-text-editor\" data-id=\"37403bd\" data-element_type=\"widget\" data-e-type=\"widget\" data-widget_type=\"text-editor.default\">\n\t\t\t\t<div class=\"elementor-widget-container\">\n\t\t\t\t\t\t\t\t\t<p>In the Manueline style, it was built when King Manuel I granted Benavente a new charter in 1516. Initially located in Pra\u00e7a da Rep\u00fablica, it was moved and relocated in 1954. The Pillory is made of &#8220;very good laurel stone, high with its irons, and grimpa, and cross of S\u00e3o Bento with its golden pomes, with five round steps of the same stonework&#8221;    <br><span style=\"color: #999999;\">(In Tombo do Concelho, 1574) IIP, Dec.-Law no. 23122, of 11.10.1933. <\/span><\/p>\t\t\t\t\t\t\t\t<\/div>\n\t\t\t\t<\/div>\n\t\t\t\t\t<\/div>\n\t\t\t\t<\/div>\n\t\t\t\t\t<\/div>\n\t\t\t\t<\/div>\n\t\t<div class=\"elementor-element elementor-element-39fc3d5 e-flex e-con-boxed e-con e-parent\" data-id=\"39fc3d5\" data-element_type=\"container\" data-e-type=\"container\" id=\"museu-municipal-benavente\" data-settings=\"{&quot;background_background&quot;:&quot;slideshow&quot;,&quot;background_slideshow_gallery&quot;:[{&quot;id&quot;:827,&quot;url&quot;:&quot;https:\\\/\\\/www.visitbenavente.pt\\\/wp-content\\\/uploads\\\/2025\\\/02\\\/patrimonio-cultural-arquitetonico-museu-fachada.jpg&quot;}],&quot;shape_divider_bottom&quot;:&quot;opacity-tilt&quot;,&quot;background_slideshow_loop&quot;:&quot;yes&quot;,&quot;background_slideshow_slide_duration&quot;:5000,&quot;background_slideshow_slide_transition&quot;:&quot;fade&quot;,&quot;background_slideshow_transition_duration&quot;:500}\">\n\t\t\t\t\t<div class=\"e-con-inner\">\n\t\t\t\t<div class=\"elementor-shape elementor-shape-bottom\" aria-hidden=\"true\" data-negative=\"false\">\n\t\t\t<svg xmlns=\"http:\/\/www.w3.org\/2000\/svg\" viewBox=\"0 0 2600 131.1\" preserveAspectRatio=\"none\">\n\t<path class=\"elementor-shape-fill\" d=\"M0 0L2600 0 2600 69.1 0 0z\"\/>\n\t<path class=\"elementor-shape-fill\" style=\"opacity:0.5\" d=\"M0 0L2600 0 2600 69.1 0 69.1z\"\/>\n\t<path class=\"elementor-shape-fill\" style=\"opacity:0.25\" d=\"M2600 0L0 0 0 130.1 2600 69.1z\"\/>\n<\/svg>\t\t<\/div>\n\t\t<div class=\"elementor-element elementor-element-3baf60e e-con-full e-flex e-con e-child\" data-id=\"3baf60e\" data-element_type=\"container\" data-e-type=\"container\">\n\t\t\t\t<div class=\"elementor-element elementor-element-b148916 elementor-widget elementor-widget-heading\" data-id=\"b148916\" data-element_type=\"widget\" data-e-type=\"widget\" data-widget_type=\"heading.default\">\n\t\t\t\t<div class=\"elementor-widget-container\">\n\t\t\t\t\t<h2 class=\"elementor-heading-title elementor-size-default\">Benavente Municipal Museum<\/h2>\t\t\t\t<\/div>\n\t\t\t\t<\/div>\n\t\t\t\t<\/div>\n\t\t\t\t\t<\/div>\n\t\t\t\t<\/div>\n\t\t<div class=\"elementor-element elementor-element-4969bea e-flex e-con-boxed e-con e-parent\" data-id=\"4969bea\" data-element_type=\"container\" data-e-type=\"container\">\n\t\t\t\t\t<div class=\"e-con-inner\">\n\t\t<div class=\"elementor-element elementor-element-7be68ca e-con-full e-flex e-con e-child\" data-id=\"7be68ca\" data-element_type=\"container\" data-e-type=\"container\">\n\t\t\t\t<div class=\"elementor-element elementor-element-8a1ea2d elementor-widget elementor-widget-text-editor\" data-id=\"8a1ea2d\" data-element_type=\"widget\" data-e-type=\"widget\" data-widget_type=\"text-editor.default\">\n\t\t\t\t<div class=\"elementor-widget-container\">\n\t\t\t\t\t\t\t\t\t<p>Housed in an 18th century mansion, the building&#8217;s renovation, reflecting a current language, aims to respond to trends, opening up to the outside world and providing a dynamic intervention that dialogues with all audiences. Affirming the Museum as a space of identity and expression of the territory is the main objective of this project. <\/p><p>It is part of the Portuguese Museum Network and is a regional museum that has important collections in the areas of agricultural tools, costumes, ceramics and traditional crafts, reflecting the diverse activities carried out in the region since the end of the 19th century. <br>This museum develops several cultural mediation projects aimed for all audiences.<\/p>\t\t\t\t\t\t\t\t<\/div>\n\t\t\t\t<\/div>\n\t\t\t\t<\/div>\n\t\t<div class=\"elementor-element elementor-element-9d30040 e-con-full e-grid e-con e-child\" data-id=\"9d30040\" data-element_type=\"container\" data-e-type=\"container\">\n\t\t\t\t<div class=\"elementor-element elementor-element-eb92577 elementor-widget elementor-widget-video\" data-id=\"eb92577\" data-element_type=\"widget\" data-e-type=\"widget\" data-settings=\"{&quot;youtube_url&quot;:&quot;https:\\\/\\\/www.youtube.com\\\/watch?v=Gzu6DbGv38k&quot;,&quot;video_type&quot;:&quot;youtube&quot;,&quot;controls&quot;:&quot;yes&quot;}\" data-widget_type=\"video.default\">\n\t\t\t\t<div class=\"elementor-widget-container\">\n\t\t\t\t\t\t\t<div class=\"elementor-wrapper elementor-open-inline\">\n\t\t\t<div class=\"elementor-video\"><\/div>\t\t<\/div>\n\t\t\t\t\t\t<\/div>\n\t\t\t\t<\/div>\n\t\t\t\t<div class=\"elementor-element elementor-element-55718e9 elementor-widget elementor-widget-image\" data-id=\"55718e9\" data-element_type=\"widget\" data-e-type=\"widget\" data-widget_type=\"image.default\">\n\t\t\t\t<div class=\"elementor-widget-container\">\n\t\t\t\t\t\t\t\t\t\t\t\t\t\t\t<img fetchpriority=\"high\" decoding=\"async\" width=\"800\" height=\"450\" src=\"https:\/\/www.visitbenavente.pt\/wp-content\/uploads\/2025\/02\/patrimonio-cultural-arquitetonico-museu-interior-1024x576.jpg\" class=\"attachment-large size-large wp-image-828\" alt=\"\" srcset=\"https:\/\/www.visitbenavente.pt\/wp-content\/uploads\/2025\/02\/patrimonio-cultural-arquitetonico-museu-interior-1024x576.jpg 1024w, https:\/\/www.visitbenavente.pt\/wp-content\/uploads\/2025\/02\/patrimonio-cultural-arquitetonico-museu-interior-300x169.jpg 300w, https:\/\/www.visitbenavente.pt\/wp-content\/uploads\/2025\/02\/patrimonio-cultural-arquitetonico-museu-interior-768x432.jpg 768w, https:\/\/www.visitbenavente.pt\/wp-content\/uploads\/2025\/02\/patrimonio-cultural-arquitetonico-museu-interior-1536x864.jpg 1536w, https:\/\/www.visitbenavente.pt\/wp-content\/uploads\/2025\/02\/patrimonio-cultural-arquitetonico-museu-interior.jpg 1920w\" sizes=\"(max-width: 800px) 100vw, 800px\" \/>\t\t\t\t\t\t\t\t\t\t\t\t\t\t\t<\/div>\n\t\t\t\t<\/div>\n\t\t\t\t<\/div>\n\t\t\t\t\t<\/div>\n\t\t\t\t<\/div>\n\t\t<div class=\"elementor-element elementor-element-3512833 e-flex e-con-boxed e-con e-parent\" data-id=\"3512833\" data-element_type=\"container\" data-e-type=\"container\" id=\"nucleo-museologico-agricola\" data-settings=\"{&quot;background_background&quot;:&quot;slideshow&quot;,&quot;background_slideshow_gallery&quot;:[{&quot;id&quot;:829,&quot;url&quot;:&quot;https:\\\/\\\/www.visitbenavente.pt\\\/wp-content\\\/uploads\\\/2025\\\/02\\\/patrimonio-cultural-arquitetonico-nucleo-museologivo-agricola-exterior.jpg&quot;}],&quot;shape_divider_bottom&quot;:&quot;opacity-tilt&quot;,&quot;background_slideshow_loop&quot;:&quot;yes&quot;,&quot;background_slideshow_slide_duration&quot;:5000,&quot;background_slideshow_slide_transition&quot;:&quot;fade&quot;,&quot;background_slideshow_transition_duration&quot;:500}\">\n\t\t\t\t\t<div class=\"e-con-inner\">\n\t\t\t\t<div class=\"elementor-shape elementor-shape-bottom\" aria-hidden=\"true\" data-negative=\"false\">\n\t\t\t<svg xmlns=\"http:\/\/www.w3.org\/2000\/svg\" viewBox=\"0 0 2600 131.1\" preserveAspectRatio=\"none\">\n\t<path class=\"elementor-shape-fill\" d=\"M0 0L2600 0 2600 69.1 0 0z\"\/>\n\t<path class=\"elementor-shape-fill\" style=\"opacity:0.5\" d=\"M0 0L2600 0 2600 69.1 0 69.1z\"\/>\n\t<path class=\"elementor-shape-fill\" style=\"opacity:0.25\" d=\"M2600 0L0 0 0 130.1 2600 69.1z\"\/>\n<\/svg>\t\t<\/div>\n\t\t<div class=\"elementor-element elementor-element-eab71bf e-con-full e-flex e-con e-child\" data-id=\"eab71bf\" data-element_type=\"container\" data-e-type=\"container\">\n\t\t\t\t<div class=\"elementor-element elementor-element-43d221d elementor-widget elementor-widget-heading\" data-id=\"43d221d\" data-element_type=\"widget\" data-e-type=\"widget\" data-widget_type=\"heading.default\">\n\t\t\t\t<div class=\"elementor-widget-container\">\n\t\t\t\t\t<h2 class=\"elementor-heading-title elementor-size-default\">Agricultural Museum<\/h2>\t\t\t\t<\/div>\n\t\t\t\t<\/div>\n\t\t\t\t<\/div>\n\t\t\t\t\t<\/div>\n\t\t\t\t<\/div>\n\t\t<div class=\"elementor-element elementor-element-6327e88 e-flex e-con-boxed e-con e-parent\" data-id=\"6327e88\" data-element_type=\"container\" data-e-type=\"container\">\n\t\t\t\t\t<div class=\"e-con-inner\">\n\t\t<div class=\"elementor-element elementor-element-3412a5e e-con-full e-grid e-con e-child\" data-id=\"3412a5e\" data-element_type=\"container\" data-e-type=\"container\">\n\t\t\t\t<div class=\"elementor-element elementor-element-fb85e15 elementor-widget elementor-widget-text-editor\" data-id=\"fb85e15\" data-element_type=\"widget\" data-e-type=\"widget\" data-widget_type=\"text-editor.default\">\n\t\t\t\t<div class=\"elementor-widget-container\">\n\t\t\t\t\t\t\t\t\t<p>Installed in the old Municipal Slaughterhouse, inaugurated in 2000, it has allowed the museum concept to be extended, turning the Municipal Museum into a multi-nucleated structure.<br>The installation of this nucleus has made it possible to have a permanent exhibition that systematically presents the cycle of agricultural production, &#8220;The Agricultural Calendar&#8221;.<\/p><p>With the aim of promoting the mediation of audiences, it includes two spaces for artistic development &#8211; Espa\u00e7o Arriscart and Espa\u00e7o Gravurar &#8211; and two small galleries: one for short-term exhibitions and the other where the works of the artist residency are displayed.<\/p>\t\t\t\t\t\t\t\t<\/div>\n\t\t\t\t<\/div>\n\t\t\t\t<div class=\"elementor-element elementor-element-74c9122 elementor-widget elementor-widget-image\" data-id=\"74c9122\" data-element_type=\"widget\" data-e-type=\"widget\" data-widget_type=\"image.default\">\n\t\t\t\t<div class=\"elementor-widget-container\">\n\t\t\t\t\t\t\t\t\t\t\t\t\t\t\t<img decoding=\"async\" width=\"800\" height=\"534\" src=\"https:\/\/www.visitbenavente.pt\/wp-content\/uploads\/2025\/02\/patrimonio-cultural-arquitetonico-nucleo-museologivo-agricola-interior-1024x683.jpg\" class=\"attachment-large size-large wp-image-830\" alt=\"\" srcset=\"https:\/\/www.visitbenavente.pt\/wp-content\/uploads\/2025\/02\/patrimonio-cultural-arquitetonico-nucleo-museologivo-agricola-interior-1024x683.jpg 1024w, https:\/\/www.visitbenavente.pt\/wp-content\/uploads\/2025\/02\/patrimonio-cultural-arquitetonico-nucleo-museologivo-agricola-interior-300x200.jpg 300w, https:\/\/www.visitbenavente.pt\/wp-content\/uploads\/2025\/02\/patrimonio-cultural-arquitetonico-nucleo-museologivo-agricola-interior-768x512.jpg 768w, https:\/\/www.visitbenavente.pt\/wp-content\/uploads\/2025\/02\/patrimonio-cultural-arquitetonico-nucleo-museologivo-agricola-interior-1536x1024.jpg 1536w, https:\/\/www.visitbenavente.pt\/wp-content\/uploads\/2025\/02\/patrimonio-cultural-arquitetonico-nucleo-museologivo-agricola-interior.jpg 1920w\" sizes=\"(max-width: 800px) 100vw, 800px\" \/>\t\t\t\t\t\t\t\t\t\t\t\t\t\t\t<\/div>\n\t\t\t\t<\/div>\n\t\t\t\t<\/div>\n\t\t\t\t\t<\/div>\n\t\t\t\t<\/div>\n\t\t<div class=\"elementor-element elementor-element-0729b8b e-flex e-con-boxed e-con e-parent\" data-id=\"0729b8b\" data-element_type=\"container\" data-e-type=\"container\" id=\"palacio-infantado\" data-settings=\"{&quot;background_background&quot;:&quot;slideshow&quot;,&quot;background_slideshow_gallery&quot;:[{&quot;id&quot;:831,&quot;url&quot;:&quot;https:\\\/\\\/www.visitbenavente.pt\\\/wp-content\\\/uploads\\\/2025\\\/02\\\/patrimonio-cultural-arquitetonico-palacio-infantado-exterior.jpg&quot;}],&quot;shape_divider_bottom&quot;:&quot;opacity-tilt&quot;,&quot;background_slideshow_loop&quot;:&quot;yes&quot;,&quot;background_slideshow_slide_duration&quot;:5000,&quot;background_slideshow_slide_transition&quot;:&quot;fade&quot;,&quot;background_slideshow_transition_duration&quot;:500}\">\n\t\t\t\t\t<div class=\"e-con-inner\">\n\t\t\t\t<div class=\"elementor-shape elementor-shape-bottom\" aria-hidden=\"true\" data-negative=\"false\">\n\t\t\t<svg xmlns=\"http:\/\/www.w3.org\/2000\/svg\" viewBox=\"0 0 2600 131.1\" preserveAspectRatio=\"none\">\n\t<path class=\"elementor-shape-fill\" d=\"M0 0L2600 0 2600 69.1 0 0z\"\/>\n\t<path class=\"elementor-shape-fill\" style=\"opacity:0.5\" d=\"M0 0L2600 0 2600 69.1 0 69.1z\"\/>\n\t<path class=\"elementor-shape-fill\" style=\"opacity:0.25\" d=\"M2600 0L0 0 0 130.1 2600 69.1z\"\/>\n<\/svg>\t\t<\/div>\n\t\t<div class=\"elementor-element elementor-element-7be637a e-con-full e-flex e-con e-child\" data-id=\"7be637a\" data-element_type=\"container\" data-e-type=\"container\">\n\t\t\t\t<div class=\"elementor-element elementor-element-513e825 elementor-widget elementor-widget-heading\" data-id=\"513e825\" data-element_type=\"widget\" data-e-type=\"widget\" data-widget_type=\"heading.default\">\n\t\t\t\t<div class=\"elementor-widget-container\">\n\t\t\t\t\t<h2 class=\"elementor-heading-title elementor-size-default\">Infantado Palace<\/h2>\t\t\t\t<\/div>\n\t\t\t\t<\/div>\n\t\t\t\t<\/div>\n\t\t\t\t\t<\/div>\n\t\t\t\t<\/div>\n\t\t<div class=\"elementor-element elementor-element-57bb5c9 e-flex e-con-boxed e-con e-parent\" data-id=\"57bb5c9\" data-element_type=\"container\" data-e-type=\"container\">\n\t\t\t\t\t<div class=\"e-con-inner\">\n\t\t<div class=\"elementor-element elementor-element-f0887a2 e-con-full e-flex e-con e-child\" data-id=\"f0887a2\" data-element_type=\"container\" data-e-type=\"container\">\n\t\t\t\t<div class=\"elementor-element elementor-element-197b109 elementor-widget elementor-widget-text-editor\" data-id=\"197b109\" data-element_type=\"widget\" data-e-type=\"widget\" data-widget_type=\"text-editor.default\">\n\t\t\t\t<div class=\"elementor-widget-container\">\n\t\t\t\t\t\t\t\t\t<p>Dating from the late 18th century, it was part of the former Casa do Infantado. In the 19th century, the administration of Companhia das Lez\u00edrias was installed here. A violent fire in 1976 destroyed the entire interior. In 1998, it was reopened as a cultural space, integrating the Municipal Library, exhibition galleries, auditorium and internet space.   <\/p>\t\t\t\t\t\t\t\t<\/div>\n\t\t\t\t<\/div>\n\t\t<div class=\"elementor-element elementor-element-addb061 e-con-full e-grid e-con e-child\" data-id=\"addb061\" data-element_type=\"container\" data-e-type=\"container\">\n\t\t\t\t<div class=\"elementor-element elementor-element-b93586b elementor-widget elementor-widget-image\" data-id=\"b93586b\" data-element_type=\"widget\" data-e-type=\"widget\" data-widget_type=\"image.default\">\n\t\t\t\t<div class=\"elementor-widget-container\">\n\t\t\t\t\t\t\t\t\t\t\t\t\t\t\t<img decoding=\"async\" width=\"800\" height=\"534\" src=\"https:\/\/www.visitbenavente.pt\/wp-content\/uploads\/2025\/02\/patrimonio-cultural-arquitetonico-palacio-infantado-biblioteca-1024x683.jpg\" class=\"attachment-large size-large wp-image-832\" alt=\"\" srcset=\"https:\/\/www.visitbenavente.pt\/wp-content\/uploads\/2025\/02\/patrimonio-cultural-arquitetonico-palacio-infantado-biblioteca-1024x683.jpg 1024w, https:\/\/www.visitbenavente.pt\/wp-content\/uploads\/2025\/02\/patrimonio-cultural-arquitetonico-palacio-infantado-biblioteca-300x200.jpg 300w, https:\/\/www.visitbenavente.pt\/wp-content\/uploads\/2025\/02\/patrimonio-cultural-arquitetonico-palacio-infantado-biblioteca-768x512.jpg 768w, https:\/\/www.visitbenavente.pt\/wp-content\/uploads\/2025\/02\/patrimonio-cultural-arquitetonico-palacio-infantado-biblioteca-1536x1024.jpg 1536w, https:\/\/www.visitbenavente.pt\/wp-content\/uploads\/2025\/02\/patrimonio-cultural-arquitetonico-palacio-infantado-biblioteca.jpg 1920w\" sizes=\"(max-width: 800px) 100vw, 800px\" \/>\t\t\t\t\t\t\t\t\t\t\t\t\t\t\t<\/div>\n\t\t\t\t<\/div>\n\t\t\t\t<div class=\"elementor-element elementor-element-245f409 elementor-widget elementor-widget-image\" data-id=\"245f409\" data-element_type=\"widget\" data-e-type=\"widget\" data-widget_type=\"image.default\">\n\t\t\t\t<div class=\"elementor-widget-container\">\n\t\t\t\t\t\t\t\t\t\t\t\t\t\t\t<img loading=\"lazy\" decoding=\"async\" width=\"800\" height=\"533\" src=\"https:\/\/www.visitbenavente.pt\/wp-content\/uploads\/2025\/02\/patrimonio-cultural-arquitetonico-palacio-infantado-exposicao-1024x682.jpg\" class=\"attachment-large size-large wp-image-833\" alt=\"\" srcset=\"https:\/\/www.visitbenavente.pt\/wp-content\/uploads\/2025\/02\/patrimonio-cultural-arquitetonico-palacio-infantado-exposicao-1024x682.jpg 1024w, https:\/\/www.visitbenavente.pt\/wp-content\/uploads\/2025\/02\/patrimonio-cultural-arquitetonico-palacio-infantado-exposicao-300x200.jpg 300w, https:\/\/www.visitbenavente.pt\/wp-content\/uploads\/2025\/02\/patrimonio-cultural-arquitetonico-palacio-infantado-exposicao-768x512.jpg 768w, https:\/\/www.visitbenavente.pt\/wp-content\/uploads\/2025\/02\/patrimonio-cultural-arquitetonico-palacio-infantado-exposicao-1536x1024.jpg 1536w, https:\/\/www.visitbenavente.pt\/wp-content\/uploads\/2025\/02\/patrimonio-cultural-arquitetonico-palacio-infantado-exposicao.jpg 1556w\" sizes=\"(max-width: 800px) 100vw, 800px\" \/>\t\t\t\t\t\t\t\t\t\t\t\t\t\t\t<\/div>\n\t\t\t\t<\/div>\n\t\t\t\t<\/div>\n\t\t\t\t<\/div>\n\t\t\t\t\t<\/div>\n\t\t\t\t<\/div>\n\t\t<div class=\"elementor-element elementor-element-99af3df e-flex e-con-boxed e-con e-parent\" data-id=\"99af3df\" data-element_type=\"container\" data-e-type=\"container\" id=\"fonte-santo-antonio\" data-settings=\"{&quot;background_background&quot;:&quot;slideshow&quot;,&quot;background_slideshow_gallery&quot;:[{&quot;id&quot;:834,&quot;url&quot;:&quot;https:\\\/\\\/www.visitbenavente.pt\\\/wp-content\\\/uploads\\\/2025\\\/02\\\/patrimonio-cultural-arquitetonico-fonte-Santo-Antonio-direita.jpg&quot;}],&quot;shape_divider_bottom&quot;:&quot;opacity-tilt&quot;,&quot;background_slideshow_loop&quot;:&quot;yes&quot;,&quot;background_slideshow_slide_duration&quot;:5000,&quot;background_slideshow_slide_transition&quot;:&quot;fade&quot;,&quot;background_slideshow_transition_duration&quot;:500}\">\n\t\t\t\t\t<div class=\"e-con-inner\">\n\t\t\t\t<div class=\"elementor-shape elementor-shape-bottom\" aria-hidden=\"true\" data-negative=\"false\">\n\t\t\t<svg xmlns=\"http:\/\/www.w3.org\/2000\/svg\" viewBox=\"0 0 2600 131.1\" preserveAspectRatio=\"none\">\n\t<path class=\"elementor-shape-fill\" d=\"M0 0L2600 0 2600 69.1 0 0z\"\/>\n\t<path class=\"elementor-shape-fill\" style=\"opacity:0.5\" d=\"M0 0L2600 0 2600 69.1 0 69.1z\"\/>\n\t<path class=\"elementor-shape-fill\" style=\"opacity:0.25\" d=\"M2600 0L0 0 0 130.1 2600 69.1z\"\/>\n<\/svg>\t\t<\/div>\n\t\t<div class=\"elementor-element elementor-element-25515ac e-con-full e-flex e-con e-child\" data-id=\"25515ac\" data-element_type=\"container\" data-e-type=\"container\">\n\t\t\t\t<div class=\"elementor-element elementor-element-2445ad3 elementor-widget elementor-widget-heading\" data-id=\"2445ad3\" data-element_type=\"widget\" data-e-type=\"widget\" data-widget_type=\"heading.default\">\n\t\t\t\t<div class=\"elementor-widget-container\">\n\t\t\t\t\t<h2 class=\"elementor-heading-title elementor-size-default\">St. Anthony's Fountain<\/h2>\t\t\t\t<\/div>\n\t\t\t\t<\/div>\n\t\t\t\t<\/div>\n\t\t\t\t\t<\/div>\n\t\t\t\t<\/div>\n\t\t<div class=\"elementor-element elementor-element-efbaa80 e-flex e-con-boxed e-con e-parent\" data-id=\"efbaa80\" data-element_type=\"container\" data-e-type=\"container\">\n\t\t\t\t\t<div class=\"e-con-inner\">\n\t\t<div class=\"elementor-element elementor-element-b92564a e-con-full e-flex e-con e-child\" data-id=\"b92564a\" data-element_type=\"container\" data-e-type=\"container\">\n\t\t\t\t<div class=\"elementor-element elementor-element-1bd8109 elementor-widget elementor-widget-text-editor\" data-id=\"1bd8109\" data-element_type=\"widget\" data-e-type=\"widget\" data-widget_type=\"text-editor.default\">\n\t\t\t\t<div class=\"elementor-widget-container\">\n\t\t\t\t\t\t\t\t\t<p>Originally built in 1865, it was the first public water main in the town of Benavente.<br>Although the fountain has been preserved, the current structure dates from the 1950s.<br>Traditionally, the fountain was used to collect water for everyday tasks, and important social relationships were established there. While waiting for their turn in the queue, on Wednesdays, there were moments of tranquillity used for socializing. <\/p>\t\t\t\t\t\t\t\t<\/div>\n\t\t\t\t<\/div>\n\t\t<div class=\"elementor-element elementor-element-6ba18d9 e-con-full e-grid e-con e-child\" data-id=\"6ba18d9\" data-element_type=\"container\" data-e-type=\"container\">\n\t\t\t\t<div class=\"elementor-element elementor-element-3994c09 elementor-widget elementor-widget-image\" data-id=\"3994c09\" data-element_type=\"widget\" data-e-type=\"widget\" data-widget_type=\"image.default\">\n\t\t\t\t<div class=\"elementor-widget-container\">\n\t\t\t\t\t\t\t\t\t\t\t\t\t\t\t\t<a href=\"https:\/\/www.visitbenavente.pt\/wp-content\/uploads\/2025\/02\/patrimonio-cultural-arquitetonico-fonte-Santo-Antonio-antiga.jpg\" data-elementor-open-lightbox=\"yes\" data-elementor-lightbox-title=\"patrimonio cultural arquitetonico fonte Santo Ant\u00f3nio antiga\" data-e-action-hash=\"#elementor-action%3Aaction%3Dlightbox%26settings%3DeyJpZCI6ODM1LCJ1cmwiOiJodHRwczpcL1wvd3d3LnZpc2l0YmVuYXZlbnRlLnB0XC93cC1jb250ZW50XC91cGxvYWRzXC8yMDI1XC8wMlwvcGF0cmltb25pby1jdWx0dXJhbC1hcnF1aXRldG9uaWNvLWZvbnRlLVNhbnRvLUFudG9uaW8tYW50aWdhLmpwZyJ9\">\n\t\t\t\t\t\t\t<img loading=\"lazy\" decoding=\"async\" width=\"800\" height=\"491\" src=\"https:\/\/www.visitbenavente.pt\/wp-content\/uploads\/2025\/02\/patrimonio-cultural-arquitetonico-fonte-Santo-Antonio-antiga-1024x628.jpg\" class=\"attachment-large size-large wp-image-835\" alt=\"\" srcset=\"https:\/\/www.visitbenavente.pt\/wp-content\/uploads\/2025\/02\/patrimonio-cultural-arquitetonico-fonte-Santo-Antonio-antiga-1024x628.jpg 1024w, https:\/\/www.visitbenavente.pt\/wp-content\/uploads\/2025\/02\/patrimonio-cultural-arquitetonico-fonte-Santo-Antonio-antiga-300x184.jpg 300w, https:\/\/www.visitbenavente.pt\/wp-content\/uploads\/2025\/02\/patrimonio-cultural-arquitetonico-fonte-Santo-Antonio-antiga-768x471.jpg 768w, https:\/\/www.visitbenavente.pt\/wp-content\/uploads\/2025\/02\/patrimonio-cultural-arquitetonico-fonte-Santo-Antonio-antiga.jpg 1351w\" sizes=\"(max-width: 800px) 100vw, 800px\" \/>\t\t\t\t\t\t\t\t<\/a>\n\t\t\t\t\t\t\t\t\t\t\t\t\t\t\t<\/div>\n\t\t\t\t<\/div>\n\t\t\t\t<div class=\"elementor-element elementor-element-513d740 elementor-widget elementor-widget-image\" data-id=\"513d740\" data-element_type=\"widget\" data-e-type=\"widget\" data-widget_type=\"image.default\">\n\t\t\t\t<div class=\"elementor-widget-container\">\n\t\t\t\t\t\t\t\t\t\t\t\t\t\t\t\t<a href=\"https:\/\/www.visitbenavente.pt\/wp-content\/uploads\/2025\/02\/patrimonio-cultural-arquitetonico-fonte-Santo-Antonio-esquerda.jpg\" data-elementor-open-lightbox=\"yes\" data-elementor-lightbox-title=\"patrimonio cultural arquitetonico fonte Santo Ant\u00f3nio esquerda\" data-e-action-hash=\"#elementor-action%3Aaction%3Dlightbox%26settings%3DeyJpZCI6ODM2LCJ1cmwiOiJodHRwczpcL1wvd3d3LnZpc2l0YmVuYXZlbnRlLnB0XC93cC1jb250ZW50XC91cGxvYWRzXC8yMDI1XC8wMlwvcGF0cmltb25pby1jdWx0dXJhbC1hcnF1aXRldG9uaWNvLWZvbnRlLVNhbnRvLUFudG9uaW8tZXNxdWVyZGEuanBnIn0%3D\">\n\t\t\t\t\t\t\t<img loading=\"lazy\" decoding=\"async\" width=\"800\" height=\"535\" src=\"https:\/\/www.visitbenavente.pt\/wp-content\/uploads\/2025\/02\/patrimonio-cultural-arquitetonico-fonte-Santo-Antonio-esquerda-1024x685.jpg\" class=\"attachment-large size-large wp-image-836\" alt=\"\" srcset=\"https:\/\/www.visitbenavente.pt\/wp-content\/uploads\/2025\/02\/patrimonio-cultural-arquitetonico-fonte-Santo-Antonio-esquerda-1024x685.jpg 1024w, https:\/\/www.visitbenavente.pt\/wp-content\/uploads\/2025\/02\/patrimonio-cultural-arquitetonico-fonte-Santo-Antonio-esquerda-300x201.jpg 300w, https:\/\/www.visitbenavente.pt\/wp-content\/uploads\/2025\/02\/patrimonio-cultural-arquitetonico-fonte-Santo-Antonio-esquerda-768x514.jpg 768w, https:\/\/www.visitbenavente.pt\/wp-content\/uploads\/2025\/02\/patrimonio-cultural-arquitetonico-fonte-Santo-Antonio-esquerda-1536x1027.jpg 1536w, https:\/\/www.visitbenavente.pt\/wp-content\/uploads\/2025\/02\/patrimonio-cultural-arquitetonico-fonte-Santo-Antonio-esquerda.jpg 1920w\" sizes=\"(max-width: 800px) 100vw, 800px\" \/>\t\t\t\t\t\t\t\t<\/a>\n\t\t\t\t\t\t\t\t\t\t\t\t\t\t\t<\/div>\n\t\t\t\t<\/div>\n\t\t\t\t<\/div>\n\t\t\t\t<\/div>\n\t\t\t\t\t<\/div>\n\t\t\t\t<\/div>\n\t\t<div class=\"elementor-element elementor-element-937a1dd e-flex e-con-boxed e-con e-parent\" data-id=\"937a1dd\" data-element_type=\"container\" data-e-type=\"container\" id=\"fonte-concelho\" data-settings=\"{&quot;background_background&quot;:&quot;slideshow&quot;,&quot;background_slideshow_gallery&quot;:[{&quot;id&quot;:838,&quot;url&quot;:&quot;https:\\\/\\\/www.visitbenavente.pt\\\/wp-content\\\/uploads\\\/2025\\\/02\\\/patrimonio-cultural-arquitetonico-fonte-escudeiros.jpg&quot;}],&quot;shape_divider_bottom&quot;:&quot;opacity-tilt&quot;,&quot;background_slideshow_loop&quot;:&quot;yes&quot;,&quot;background_slideshow_slide_duration&quot;:5000,&quot;background_slideshow_slide_transition&quot;:&quot;fade&quot;,&quot;background_slideshow_transition_duration&quot;:500}\">\n\t\t\t\t\t<div class=\"e-con-inner\">\n\t\t\t\t<div class=\"elementor-shape elementor-shape-bottom\" aria-hidden=\"true\" data-negative=\"false\">\n\t\t\t<svg xmlns=\"http:\/\/www.w3.org\/2000\/svg\" viewBox=\"0 0 2600 131.1\" preserveAspectRatio=\"none\">\n\t<path class=\"elementor-shape-fill\" d=\"M0 0L2600 0 2600 69.1 0 0z\"\/>\n\t<path class=\"elementor-shape-fill\" style=\"opacity:0.5\" d=\"M0 0L2600 0 2600 69.1 0 69.1z\"\/>\n\t<path class=\"elementor-shape-fill\" style=\"opacity:0.25\" d=\"M2600 0L0 0 0 130.1 2600 69.1z\"\/>\n<\/svg>\t\t<\/div>\n\t\t<div class=\"elementor-element elementor-element-ddccd84 e-con-full e-flex e-con e-child\" data-id=\"ddccd84\" data-element_type=\"container\" data-e-type=\"container\">\n\t\t\t\t<div class=\"elementor-element elementor-element-3ff0e2e elementor-widget elementor-widget-heading\" data-id=\"3ff0e2e\" data-element_type=\"widget\" data-e-type=\"widget\" data-widget_type=\"heading.default\">\n\t\t\t\t<div class=\"elementor-widget-container\">\n\t\t\t\t\t<h2 class=\"elementor-heading-title elementor-size-default\">Municipality Fountain<\/h2>\t\t\t\t<\/div>\n\t\t\t\t<\/div>\n\t\t\t\t<\/div>\n\t\t\t\t\t<\/div>\n\t\t\t\t<\/div>\n\t\t<div class=\"elementor-element elementor-element-7e800e7 e-flex e-con-boxed e-con e-parent\" data-id=\"7e800e7\" data-element_type=\"container\" data-e-type=\"container\">\n\t\t\t\t\t<div class=\"e-con-inner\">\n\t\t<div class=\"elementor-element elementor-element-61693ad e-flex e-con-boxed e-con e-child\" data-id=\"61693ad\" data-element_type=\"container\" data-e-type=\"container\">\n\t\t\t\t\t<div class=\"e-con-inner\">\n\t\t\t\t<div class=\"elementor-element elementor-element-52fc9c9 elementor-widget elementor-widget-text-editor\" data-id=\"52fc9c9\" data-element_type=\"widget\" data-e-type=\"widget\" data-widget_type=\"text-editor.default\">\n\t\t\t\t<div class=\"elementor-widget-container\">\n\t\t\t\t\t\t\t\t\t<p>We find reference to this fountain in the \u201cParish Memoirs\u201d, of Samora Correia, 1758, mentioning the existence of &#8220;a fountain called the municipality, which waters are good for the eyes, mentioning medicinal achilegio&#8221;. This is a fountain of simple construction, with a stone arch of regular dimensions and a vaulted ceiling covered in brick. Inside, a tank about 70 cm deep is defined. It is a construction that does not have any decorative elements, probably dating from the 14th century, with a framing in a Romanesque tradition.   <\/p>\t\t\t\t\t\t\t\t<\/div>\n\t\t\t\t<\/div>\n\t\t\t\t\t<\/div>\n\t\t\t\t<\/div>\n\t\t\t\t\t<\/div>\n\t\t\t\t<\/div>\n\t\t<div class=\"elementor-element elementor-element-46dd970 e-flex e-con-boxed e-con e-parent\" data-id=\"46dd970\" data-element_type=\"container\" data-e-type=\"container\" id=\"fonte-escudeiros\" data-settings=\"{&quot;background_background&quot;:&quot;slideshow&quot;,&quot;background_slideshow_gallery&quot;:[{&quot;id&quot;:837,&quot;url&quot;:&quot;https:\\\/\\\/www.visitbenavente.pt\\\/wp-content\\\/uploads\\\/2025\\\/02\\\/patrimonio-cultural-arquitetonico-fonte-concelho.jpg&quot;}],&quot;shape_divider_bottom&quot;:&quot;opacity-tilt&quot;,&quot;background_slideshow_loop&quot;:&quot;yes&quot;,&quot;background_slideshow_slide_duration&quot;:5000,&quot;background_slideshow_slide_transition&quot;:&quot;fade&quot;,&quot;background_slideshow_transition_duration&quot;:500}\">\n\t\t\t\t\t<div class=\"e-con-inner\">\n\t\t\t\t<div class=\"elementor-shape elementor-shape-bottom\" aria-hidden=\"true\" data-negative=\"false\">\n\t\t\t<svg xmlns=\"http:\/\/www.w3.org\/2000\/svg\" viewBox=\"0 0 2600 131.1\" preserveAspectRatio=\"none\">\n\t<path class=\"elementor-shape-fill\" d=\"M0 0L2600 0 2600 69.1 0 0z\"\/>\n\t<path class=\"elementor-shape-fill\" style=\"opacity:0.5\" d=\"M0 0L2600 0 2600 69.1 0 69.1z\"\/>\n\t<path class=\"elementor-shape-fill\" style=\"opacity:0.25\" d=\"M2600 0L0 0 0 130.1 2600 69.1z\"\/>\n<\/svg>\t\t<\/div>\n\t\t<div class=\"elementor-element elementor-element-3e7b598 e-con-full e-flex e-con e-child\" data-id=\"3e7b598\" data-element_type=\"container\" data-e-type=\"container\">\n\t\t\t\t<div class=\"elementor-element elementor-element-323d6e9 elementor-widget elementor-widget-heading\" data-id=\"323d6e9\" data-element_type=\"widget\" data-e-type=\"widget\" data-widget_type=\"heading.default\">\n\t\t\t\t<div class=\"elementor-widget-container\">\n\t\t\t\t\t<h2 class=\"elementor-heading-title elementor-size-default\">Fountain of the Squires<\/h2>\t\t\t\t<\/div>\n\t\t\t\t<\/div>\n\t\t\t\t<\/div>\n\t\t\t\t\t<\/div>\n\t\t\t\t<\/div>\n\t\t<div class=\"elementor-element elementor-element-0f71dce e-flex e-con-boxed e-con e-parent\" data-id=\"0f71dce\" data-element_type=\"container\" data-e-type=\"container\">\n\t\t\t\t\t<div class=\"e-con-inner\">\n\t\t<div class=\"elementor-element elementor-element-ed4189c e-flex e-con-boxed e-con e-child\" data-id=\"ed4189c\" data-element_type=\"container\" data-e-type=\"container\">\n\t\t\t\t\t<div class=\"e-con-inner\">\n\t\t\t\t<div class=\"elementor-element elementor-element-3e946fb elementor-widget elementor-widget-text-editor\" data-id=\"3e946fb\" data-element_type=\"widget\" data-e-type=\"widget\" data-widget_type=\"text-editor.default\">\n\t\t\t\t<div class=\"elementor-widget-container\">\n\t\t\t\t\t\t\t\t\t<p>Located on the western edge of the historic center, it is already referenced in a plan of the town from the late 18th century. It would have been one of the places where domestic water was supplied, and was said to have therapeutic properties to &#8220;preserve from stone and nephritic complaints&#8221;. <\/p>\t\t\t\t\t\t\t\t<\/div>\n\t\t\t\t<\/div>\n\t\t\t\t\t<\/div>\n\t\t\t\t<\/div>\n\t\t\t\t\t<\/div>\n\t\t\t\t<\/div>\n\t\t\t\t<\/div>\n\t\t","protected":false},"excerpt":{"rendered":"<p>Come and discover the history of the Municipality of Benavente.<\/p>\n","protected":false},"author":2,"featured_media":840,"parent":0,"menu_order":0,"comment_status":"closed","ping_status":"closed","template":"","meta":{"footnotes":""},"class_list":["post-1180","page","type-page","status-publish","has-post-thumbnail","hentry"],"_links":{"self":[{"href":"https:\/\/www.visitbenavente.pt\/en\/wp-json\/wp\/v2\/pages\/1180","targetHints":{"allow":["GET"]}}],"collection":[{"href":"https:\/\/www.visitbenavente.pt\/en\/wp-json\/wp\/v2\/pages"}],"about":[{"href":"https:\/\/www.visitbenavente.pt\/en\/wp-json\/wp\/v2\/types\/page"}],"author":[{"embeddable":true,"href":"https:\/\/www.visitbenavente.pt\/en\/wp-json\/wp\/v2\/users\/2"}],"replies":[{"embeddable":true,"href":"https:\/\/www.visitbenavente.pt\/en\/wp-json\/wp\/v2\/comments?post=1180"}],"version-history":[{"count":11,"href":"https:\/\/www.visitbenavente.pt\/en\/wp-json\/wp\/v2\/pages\/1180\/revisions"}],"predecessor-version":[{"id":4293,"href":"https:\/\/www.visitbenavente.pt\/en\/wp-json\/wp\/v2\/pages\/1180\/revisions\/4293"}],"wp:featuredmedia":[{"embeddable":true,"href":"https:\/\/www.visitbenavente.pt\/en\/wp-json\/wp\/v2\/media\/840"}],"wp:attachment":[{"href":"https:\/\/www.visitbenavente.pt\/en\/wp-json\/wp\/v2\/media?parent=1180"}],"curies":[{"name":"wp","href":"https:\/\/api.w.org\/{rel}","templated":true}]}}